{"id":625,"date":"2021-11-20T16:51:07","date_gmt":"2021-11-20T13:51:07","guid":{"rendered":"https:\/\/vanessa.com.tr\/angelo-yatak-odasi\/"},"modified":"2022-06-09T17:51:07","modified_gmt":"2022-06-09T14:51:07","slug":"angelo-yatak-odasi","status":"publish","type":"product","link":"https:\/\/vanessa.com.tr\/en\/angelo-yatak-odasi\/","title":{"rendered":"Angelo Bedroom Set"},"content":{"rendered":"<div class=\"vc_row wpb_row vc_row-fluid\"><div class=\"wpb_column vc_column_container vc_col-sm-12\"><div class=\"vc_column-inner\"><div class=\"wpb_wrapper\">\n\t<div class=\"wpb_text_column wpb_content_element\" >\n\t\t<div class=\"wpb_wrapper\">\n\t\t\t<table class=\"table table-bordered table-hover\">\n<thead>\n<tr>\n<th>Feature<\/th>\n<th>Explanation<\/th>\n<\/tr>\n<\/thead>\n<tbody>\n<tr>\n<td><strong>Angelo Bedroom Set Content;<\/strong><\/td>\n<td>It consists of 1 cupboard, 1 bed and headboard, 1 dresser and mirror and 2 nightstands.<\/td>\n<\/tr>\n<tr>\n<td><strong>Angelo Cabinet<\/strong><\/td>\n<td>All visible surfaces are American walnut veneer, interior parts are sandstone colored particle board. It is made of 1st class materials with sliding mirror covers.<\/td>\n<\/tr>\n<tr>\n<td><strong>Angelo Headboard<\/strong><\/td>\n<td>First class artificial leather is used.<\/td>\n<\/tr>\n<tr>\n<td><strong>Angelo Bedstead<\/strong><\/td>\n<td>American walnut veneer is used. It measures 160*200 and is high from the ground and without a base. It is also bombed.<\/td>\n<\/tr>\n<tr>\n<td><strong>Angelo Dresser and Mirror<\/strong><\/td>\n<td>American walnut veneer is used. The interiors are sandstone colored particle board. Drawers are cambered. The top table can be made in both walnut and anthracite colors.<\/td>\n<\/tr>\n<tr>\n<td><strong>Angelo Commode<\/strong><\/td>\n<td>American walnut veneer is used. The interior parts are sandstone colored particle board. Drawers are cambered. The top table can be made in both walnut and anthracite colors.<\/td>\n<\/tr>\n<tr>\n<td><strong>Explanation<\/strong><\/td>\n<td>Hettich brand material, which is a German brand, is used in the set.<\/td>\n<\/tr>\n<\/tbody>\n<\/table>\n\n\t\t<\/div>\n\t<\/div>\n<\/div><\/div><\/div><\/div><div class=\"vc_row wpb_row vc_row-fluid\"><div class=\"wpb_column vc_column_container vc_col-sm-12\"><div class=\"vc_column-inner\"><div class=\"wpb_wrapper\">\n\t<div class=\"wpb_text_column wpb_content_element\" >\n\t\t<div class=\"wpb_wrapper\">\n\t\t\t<p>Evlerimizde en uzun zaman ge\u00e7irdi\u011fimiz alanlardan biri olan yatak odalar\u0131, konfor ve rahatl\u0131\u011f\u0131 \u00fcst seviyeye ta\u015f\u0131yacak \u00fcr\u00fcnlerle dekore edilmelidir. Bu nedenle mobilya sat\u0131n al\u0131rken her \u015feyden \u00f6nce minimal se\u00e7imler yapmaya \u00f6zen g\u00f6stermek, modern \u00e7izgilerden de kesinlikle vazge\u00e7memek gerekiyor. Ayn\u0131 zamanda oda b\u00fcy\u00fckl\u00fc\u011f\u00fcne g\u00f6re \u00fcr\u00fcn se\u00e7mek ve olabildi\u011fince az e\u015fya almak da \u00e7ok \u00f6nemli bir konudur. Mesela gere\u011finden b\u00fcy\u00fck hatlara sahip yatak odas\u0131 tak\u0131mlar\u0131 k\u00fc\u00e7\u00fck bir alana sahipseniz odan\u0131z\u0131 daha kalabal\u0131k g\u00f6sterecektir. Bunun yerine portatif, kullan\u0131\u015fl\u0131 ve daha minimal boyutlarda yatak odas\u0131 tak\u0131m\u0131 almak hem daha ferah bir ortam yaratman\u0131z\u0131 hem de konfordan \u00f6d\u00fcn vermemenize yard\u0131mc\u0131 olacakt\u0131r. Angelo yatak odas\u0131 tak\u0131m\u0131 modern \u00e7izgileri ve \u015f\u0131kl\u0131\u011f\u0131 ile yatak odalar\u0131n\u0131za renk katarak, uzun y\u0131llar boyunca da severek kullanaca\u011f\u0131n\u0131z \u00fcr\u00fcnlerden biri olacakt\u0131r.<\/p>\n<h2>\u00c7ok Daha Ayd\u0131nl\u0131k Bir Atmosfer<\/h2>\n<p>Evlerin di\u011fer t\u00fcm alanlar\u0131nda oldu\u011fu gibi yatak odalar\u0131nda da ayd\u0131nl\u0131k bir atmosfer yaratmak \u00e7ok \u00f6nemlidir. Bu nedenle tercih edilen tak\u0131mlar\u0131n olabildi\u011fince k\u00fclt tonlarda olmas\u0131na dikkat edilmesi gerekir. Angelo yatak odas\u0131 tak\u0131m\u0131, modern renkleri ve do\u011fal malzemelerden \u00fcretilmi\u015f olmas\u0131 nedeniyle yatak odalar\u0131nda ferah bir g\u00f6r\u00fcnt\u00fc yarat\u0131r. Dekorasyonu ba\u015far\u0131l\u0131 bir \u015fekilde tamamlamak i\u00e7in tak\u0131m\u0131n\u0131z\u0131 \u00e7e\u015fitli \u00fcr\u00fcnler de s\u00fcsleyerek kendi stilinizi ortaya koyabilirsiniz. Ayr\u0131ca \u015feffaf perdeler ve iyi bir ayd\u0131nlatmaya da sahip oldu\u011funuzda, Angelo yatak odas\u0131 tak\u0131m\u0131 odalar\u0131n\u0131z\u0131 l\u00fcks bir g\u00f6r\u00fcnt\u00fcye kavu\u015fturacakt\u0131r.<\/p>\n<h2>M\u00fckemmel Blok Renk Detay\u0131<\/h2>\n<p>Yatak odalar\u0131n\u0131n \u015f\u0131k g\u00f6r\u00fcnmesini sa\u011flayan en \u00f6nemli detaylardan biri de blok renkler olacakt\u0131r. Angelo yatak odas\u0131 tak\u0131m\u0131 blok renkler kullan\u0131larak \u00fcretilmi\u015f, ayn\u0131 zamanda da m\u00fc\u015fterilere birbirinden farkl\u0131 renk se\u00e7enekleri sunan bir \u00fcr\u00fcnd\u00fcr. Son zamanlarda herkes taraf\u0131ndan tercih edilir olmu\u015f ana renklerden beyaz, ah\u015fap ve di\u011fer n\u00f6tr tonlar\u0131 kullanarak sizler de yatak odalar\u0131n\u0131z\u0131 daha g\u00f6steri\u015fli bir hale getirebileceksiniz.<\/p>\n<h2>Dikkat \u00c7ekici Tasar\u0131m<\/h2>\n<p>Hem minimalizm hem de modern dekorasyona uygun mobilya se\u00e7eneklerinden olan Angelo yatak odas\u0131 tak\u0131m\u0131, se\u00e7ici olanlar\u0131 tercihleri aras\u0131nda yer al\u0131yor. Yatak odalar\u0131n\u0131 daha modern ve \u015f\u0131k hale getirmek isteyenler bu tak\u0131m\u0131 birbirinden g\u00fczel aksesuar ve objelerle de s\u00fcsleyerek dikkat \u00e7ekici tasar\u0131m\u0131 \u00f6n plana \u00e7\u0131kabilirsiniz. Hatta ortama kat\u0131lacak olan k\u00fc\u00e7\u00fck detaylar kendi stilinizi yaratman\u0131z\u0131, ki\u015fisel ya\u015fam alan\u0131n\u0131za da bir ki\u015filik kazand\u0131rman\u0131z\u0131 sa\u011flayacak \u00f6nemli bir fakt\u00f6r olacakt\u0131r.<\/p>\n<h2>Sadeli\u011fin Asaleti<\/h2>\n<p>Yatak odalar\u0131n\u0131 dekore ederken tercih edece\u011finiz Angelo yatak odas\u0131 tak\u0131m\u0131, her t\u00fcrl\u00fc renk ile m\u00fckemmel bir uyum yarat\u0131r. Fakat daha \u015f\u0131k g\u00f6r\u00fcn\u00fcm elde etmek isteyenlerin dekorasyonu yapmadan \u00f6nce dikkat etmesi gereken baz\u0131 noktalar bulunuyor. Mesela oda atmosferini daha n\u00f6tr ya da tek renkli haz\u0131rlamak, Angelo yatak odas\u0131 tak\u0131mlar\u0131n\u0131n g\u00f6steri\u015fini ortaya \u00e7\u0131karacak \u00e7ok \u00f6nemli bir ad\u0131m olacakt\u0131r. B\u00f6ylece odan\u0131za yapaca\u011f\u0131n\u0131z k\u00fc\u00e7\u00fck dokunu\u015flar sayesinde, dinlenme alan\u0131n\u0131z\u0131 \u00e7ok daha sakin bir yere d\u00f6n\u00fc\u015ft\u00fcrebileceksiniz.<\/p>\n<h2>\u0130\u015flevsel \u00dcr\u00fcnler<\/h2>\n<p>Yatak odas\u0131 mobilyalar\u0131 se\u00e7erken hem nitelik hem de nicelik \u00e7ok \u00f6nemlidir. \u00d6yle ki evlerin en s\u0131k da\u011f\u0131lan alan\u0131 bilindi\u011fi gibi ki\u015fisel e\u015fyalar\u0131n yer ald\u0131\u011f\u0131 yatak odalar\u0131 olacakt\u0131r. Angelo yatak odas\u0131 tak\u0131m\u0131, i\u015flevsel nitelikler ta\u015f\u0131yan bir \u00fcr\u00fcnd\u00fcr. \u00c7\u00fcnk\u00fc sadele\u015ftirilerek tasarlanm\u0131\u015ft\u0131r. Ayr\u0131ca dolaplar\u0131n i\u00e7 haznesi \u00e7ok geni\u015f olmakla birlikte, g\u00f6z yormayacak detaylar\u0131yla da konforlu bir alan yaratman\u0131z konusunda en \u00f6nemli yard\u0131mc\u0131lar\u0131n\u0131zdan biri olacakt\u0131r.<\/p>\n<h2>Daha Huzurlu Dinlenme Alan\u0131<\/h2>\n<p>Hem kendiniz hem de aileniz i\u00e7in daha huzurlu bir dinlenme alan\u0131 yaratmak istiyorsan\u0131z Angelo yatak odas\u0131 tak\u0131m\u0131 tam da size g\u00f6re olacak! Uzun y\u0131llar boyunca eskimeyecek ve modas\u0131 ge\u00e7meyecek tasar\u0131m\u0131yla kullan\u0131ld\u0131\u011f\u0131 alanda g\u00fcn\u00fcn t\u00fcm yorgunlu\u011funu atman\u0131z\u0131 sa\u011flayacak olan bu \u00fcr\u00fcn, g\u00fcn i\u00e7erisinde kendinizi daha iyi hissetmenizi ve konforu yakalaman\u0131z\u0131 da m\u00fcmk\u00fcn k\u0131lar. Angelo tak\u0131m, evlere sakinlik veren bir tasar\u0131ma sahiptir. Bu nedenle insanlarda aidiyet hissi yarat\u0131r. Kullan\u0131c\u0131lar g\u00fcn boyunca kendilerini daha enerjik hissederken g\u00fcnl\u00fck aktivitelerinizde de \u00e7ok daha verimli olman\u0131za yard\u0131mc\u0131 olur.<\/p>\n<h2>Kolay Temizlenir \u00dcr\u00fcnler<\/h2>\n<p>Angelo yatak odas\u0131 tak\u0131m\u0131n\u0131n her bir detay\u0131 \u00f6zenle d\u00fc\u015f\u00fcn\u00fclerek tasarlanm\u0131\u015ft\u0131r. Bu nedenle yatak odalar\u0131nda diledi\u011finiz tarz\u0131 yaratman\u0131za f\u0131rsat verirken kolay temizlenebilir \u00f6zelli\u011fe de sahiptir. \u00dcretiminde tamamen do\u011fal malzemeler kullan\u0131ld\u0131\u011f\u0131nda\u00a0 y\u0131llar boyunca zarar g\u00f6rmez. Nemden ya da \u0131slakl\u0131ktan etkilenmez. Temizlenmesi basit ve pratiktir.<\/p>\n<h2>Her Tarza Hitap Edecek Dekorasyon<\/h2>\n<p>Angelo yatak odas\u0131 tak\u0131m\u0131 hem nat\u00fcrel hem klasik hem tarz hem de elit nitelikler ta\u015f\u0131r. Yani kullan\u0131ld\u0131\u011f\u0131 alanlarda uzun s\u00fcredir hayalini kurdu\u011funuz tasar\u0131m\u0131 elde etmenizi sa\u011flar. \u00dcr\u00fcn geni\u015f ve konforlu bir karyolaya, geni\u015f i\u00e7 hacimli gard\u0131roba ve de \u015fifonyerlere sahiptir. Yatak odalar\u0131nda kullan\u0131lacak t\u00fcm ki\u015fisel e\u015fyalar\u0131 kolayl\u0131kla muhafaza eder. Ayr\u0131ca ufak de\u011fi\u015fiklikler ve detaylarla da her tarza uygun bir g\u00f6r\u00fcnt\u00fcye kavu\u015fturulabilen Angelo yatak odas\u0131 tak\u0131m\u0131n\u0131 eminiz ki sizler de \u00e7ok seveceksiniz.<\/p>\n<h2>Uygun Fiyat Garantisi<\/h2>\n<p>Angelo yatak odas\u0131 tak\u0131m\u0131, \u00fcst d\u00fczey kaliteli malzemeler kullan\u0131larak tasarlanm\u0131\u015ft\u0131r. Bu neden ya\u015fam alanlar\u0131nda uzun y\u0131llar boyunca kullan\u0131m imkan\u0131 yarat\u0131r. \u00c7ok severek kullanaca\u011f\u0131n\u0131z ve ya\u015fam alanlar\u0131n\u0131za g\u00fczellik katacak olan Angelo yatak odas\u0131 tak\u0131m\u0131n\u0131 Vanessa Mobilya&#8217;dan uygun fiyatlarla sat\u0131n alabilirsiniz.<\/p>\n\n\t\t<\/div>\n\t<\/div>\n<\/div><\/div><\/div><\/div>","protected":false},"excerpt":{"rendered":"\u00d6zellik A\u00e7\u0131klama Angelo Yatak Odas\u0131 Tak\u0131m \u0130\u00e7eri\u011fi; 1 adet dolap, 1 adet karyola ve ba\u015fl\u0131\u011f\u0131, 1 adet \u015fifonyer ve aynas\u0131","protected":false},"featured_media":2344,"template":"","meta":[],"product_cat":[36],"product_tag":[43],"yoast_head":"<!-- This site is optimized with the Yoast SEO Premium plugin v16.0.3 (Yoast SEO v17.7) - https:\/\/yoast.com\/wordpress\/plugins\/seo\/ -->\n<title>Angelo Yatak Odas\u0131 - Vanessa Mobilya<\/title>\n<meta name=\"robots\" content=\"index, follow, max-snippet:-1, max-image-preview:large, max-video-preview:-1\" \/>\n<link rel=\"canonical\" href=\"https:\/\/vanessa.com.tr\/en\/angelo-yatak-odasi\/\" \/>\n<meta property=\"og:locale\" content=\"en_GB\" \/>\n<meta property=\"og:type\" content=\"article\" \/>\n<meta property=\"og:title\" content=\"Angelo Yatak Odas\u0131 - Vanessa Mobilya\" \/>\n<meta property=\"og:url\" content=\"https:\/\/vanessa.com.tr\/en\/angelo-yatak-odasi\/\" \/>\n<meta property=\"og:site_name\" content=\"Vanessa Mobilya\" \/>\n<meta property=\"article:modified_time\" content=\"2022-06-09T14:51:07+00:00\" \/>\n<meta property=\"og:image\" content=\"https:\/\/vanessa.com.tr\/wp-content\/uploads\/2021\/11\/angelo-yatak-odasi3.jpg\" \/>\n\t<meta property=\"og:image:width\" content=\"1600\" \/>\n\t<meta property=\"og:image:height\" content=\"1200\" \/>\n<meta name=\"twitter:card\" content=\"summary_large_image\" \/>\n<meta name=\"twitter:label1\" content=\"Estimated reading time\" \/>\n\t<meta name=\"twitter:data1\" content=\"4 minutes\" \/>\n<script type=\"application\/ld+json\" class=\"yoast-schema-graph\">{\"@context\":\"https:\/\/schema.org\",\"@graph\":[{\"@type\":\"WebSite\",\"@id\":\"https:\/\/vanessa.com.tr\/#website\",\"url\":\"https:\/\/vanessa.com.tr\/\",\"name\":\"Vanessa Mobilya\",\"description\":\"- \\u0130neg\\u00f6l Mobilyas\\u0131\",\"potentialAction\":[{\"@type\":\"SearchAction\",\"target\":{\"@type\":\"EntryPoint\",\"urlTemplate\":\"https:\/\/vanessa.com.tr\/?s={search_term_string}\"},\"query-input\":\"required name=search_term_string\"}],\"inLanguage\":\"en-GB\"},{\"@type\":\"ImageObject\",\"@id\":\"https:\/\/vanessa.com.tr\/angelo-yatak-odasi\/#primaryimage\",\"inLanguage\":\"en-GB\",\"url\":\"https:\/\/vanessa.com.tr\/wp-content\/uploads\/2021\/11\/angelo-yatak-odasi3.jpg\",\"contentUrl\":\"https:\/\/vanessa.com.tr\/wp-content\/uploads\/2021\/11\/angelo-yatak-odasi3.jpg\",\"width\":1600,\"height\":1200,\"caption\":\"Angelo Yatak Odas\\u0131\"},{\"@type\":\"WebPage\",\"@id\":\"https:\/\/vanessa.com.tr\/angelo-yatak-odasi\/#webpage\",\"url\":\"https:\/\/vanessa.com.tr\/angelo-yatak-odasi\/\",\"name\":\"Angelo Yatak Odas\\u0131 - Vanessa Mobilya\",\"isPartOf\":{\"@id\":\"https:\/\/vanessa.com.tr\/#website\"},\"primaryImageOfPage\":{\"@id\":\"https:\/\/vanessa.com.tr\/angelo-yatak-odasi\/#primaryimage\"},\"datePublished\":\"2021-11-20T13:51:07+00:00\",\"dateModified\":\"2022-06-09T14:51:07+00:00\",\"breadcrumb\":{\"@id\":\"https:\/\/vanessa.com.tr\/angelo-yatak-odasi\/#breadcrumb\"},\"inLanguage\":\"en-GB\",\"potentialAction\":[{\"@type\":\"ReadAction\",\"target\":[\"https:\/\/vanessa.com.tr\/angelo-yatak-odasi\/\"]}]},{\"@type\":\"BreadcrumbList\",\"@id\":\"https:\/\/vanessa.com.tr\/angelo-yatak-odasi\/#breadcrumb\",\"itemListElement\":[{\"@type\":\"ListItem\",\"position\":1,\"name\":\"Ana sayfa\",\"item\":\"https:\/\/vanessa.com.tr\/\"},{\"@type\":\"ListItem\",\"position\":2,\"name\":\"Ma\\u011faza\",\"item\":\"https:\/\/vanessa.com.tr\/?page_id=172\"},{\"@type\":\"ListItem\",\"position\":3,\"name\":\"Angelo Yatak Odas\\u0131\"}]}]}<\/script>\n<!-- \/ Yoast SEO Premium plugin. -->","yoast_head_json":{"title":"Angelo Yatak Odas\u0131 - Vanessa Mobilya","robots":{"index":"index","follow":"follow","max-snippet":"max-snippet:-1","max-image-preview":"max-image-preview:large","max-video-preview":"max-video-preview:-1"},"canonical":"https:\/\/vanessa.com.tr\/en\/angelo-yatak-odasi\/","og_locale":"en_GB","og_type":"article","og_title":"Angelo Yatak Odas\u0131 - Vanessa Mobilya","og_url":"https:\/\/vanessa.com.tr\/en\/angelo-yatak-odasi\/","og_site_name":"Vanessa Mobilya","article_modified_time":"2022-06-09T14:51:07+00:00","og_image":[{"width":1600,"height":1200,"url":"https:\/\/vanessa.com.tr\/wp-content\/uploads\/2021\/11\/angelo-yatak-odasi3.jpg","type":"image\/jpeg"}],"twitter_card":"summary_large_image","twitter_misc":{"Estimated reading time":"4 minutes"},"schema":{"@context":"https:\/\/schema.org","@graph":[{"@type":"WebSite","@id":"https:\/\/vanessa.com.tr\/#website","url":"https:\/\/vanessa.com.tr\/","name":"Vanessa Mobilya","description":"- \u0130neg\u00f6l Mobilyas\u0131","potentialAction":[{"@type":"SearchAction","target":{"@type":"EntryPoint","urlTemplate":"https:\/\/vanessa.com.tr\/?s={search_term_string}"},"query-input":"required name=search_term_string"}],"inLanguage":"en-GB"},{"@type":"ImageObject","@id":"https:\/\/vanessa.com.tr\/angelo-yatak-odasi\/#primaryimage","inLanguage":"en-GB","url":"https:\/\/vanessa.com.tr\/wp-content\/uploads\/2021\/11\/angelo-yatak-odasi3.jpg","contentUrl":"https:\/\/vanessa.com.tr\/wp-content\/uploads\/2021\/11\/angelo-yatak-odasi3.jpg","width":1600,"height":1200,"caption":"Angelo Yatak Odas\u0131"},{"@type":"WebPage","@id":"https:\/\/vanessa.com.tr\/angelo-yatak-odasi\/#webpage","url":"https:\/\/vanessa.com.tr\/angelo-yatak-odasi\/","name":"Angelo Yatak Odas\u0131 - Vanessa Mobilya","isPartOf":{"@id":"https:\/\/vanessa.com.tr\/#website"},"primaryImageOfPage":{"@id":"https:\/\/vanessa.com.tr\/angelo-yatak-odasi\/#primaryimage"},"datePublished":"2021-11-20T13:51:07+00:00","dateModified":"2022-06-09T14:51:07+00:00","breadcrumb":{"@id":"https:\/\/vanessa.com.tr\/angelo-yatak-odasi\/#breadcrumb"},"inLanguage":"en-GB","potentialAction":[{"@type":"ReadAction","target":["https:\/\/vanessa.com.tr\/angelo-yatak-odasi\/"]}]},{"@type":"BreadcrumbList","@id":"https:\/\/vanessa.com.tr\/angelo-yatak-odasi\/#breadcrumb","itemListElement":[{"@type":"ListItem","position":1,"name":"Ana sayfa","item":"https:\/\/vanessa.com.tr\/"},{"@type":"ListItem","position":2,"name":"Ma\u011faza","item":"https:\/\/vanessa.com.tr\/?page_id=172"},{"@type":"ListItem","position":3,"name":"Angelo Yatak Odas\u0131"}]}]}},"_links":{"self":[{"href":"https:\/\/vanessa.com.tr\/en\/wp-json\/wp\/v2\/product\/625"}],"collection":[{"href":"https:\/\/vanessa.com.tr\/en\/wp-json\/wp\/v2\/product"}],"about":[{"href":"https:\/\/vanessa.com.tr\/en\/wp-json\/wp\/v2\/types\/product"}],"wp:featuredmedia":[{"embeddable":true,"href":"https:\/\/vanessa.com.tr\/en\/wp-json\/wp\/v2\/media\/2344"}],"wp:attachment":[{"href":"https:\/\/vanessa.com.tr\/en\/wp-json\/wp\/v2\/media?parent=625"}],"wp:term":[{"taxonomy":"product_cat","embeddable":true,"href":"https:\/\/vanessa.com.tr\/en\/wp-json\/wp\/v2\/product_cat?post=625"},{"taxonomy":"product_tag","embeddable":true,"href":"https:\/\/vanessa.com.tr\/en\/wp-json\/wp\/v2\/product_tag?post=625"}],"curies":[{"name":"wp","href":"https:\/\/api.w.org\/{rel}","templated":true}]}}